{"id":18,"date":"2022-02-24T20:03:04","date_gmt":"2022-02-24T19:03:04","guid":{"rendered":"https:\/\/www.eva-laquieze.fr\/?page_id=18"},"modified":"2022-03-23T17:27:13","modified_gmt":"2022-03-23T16:27:13","slug":"praesentation","status":"publish","type":"page","link":"https:\/\/www.eva-laquieze.fr\/de\/","title":{"rendered":"Pr\u00e4sentation"},"content":{"rendered":"<div class=\"wpb-content-wrapper\"><p>[vc_row][vc_column][vc_single_image image=&#8220;80&#8243; img_size=&#8220;full&#8220;][\/vc_column][\/vc_row][vc_row][vc_column width=&#8220;2\/3&#8243;][vc_column_text]Mein therapeutischer Zugang richtet sich an alle, die psychisch leiden und die ihren Kummer oder ihre Schwierigkeiten in Bezug auf sich selbst, andere oder bestimmte Lebenssituationen besprechen wollen, um dar\u00fcber einen Ausweg zu finden. Erfahrungsgem\u00e4\u00df spielt hierf\u00fcr der Prozess der Sprachfindung f\u00fcr die eigene Situation und Geschichte sowie die Bewusstwerdung des eigenen Begehrens eine wichtige Rolle. Ich begleite Sie unterst\u00fctzend bei diesem Prozess.<\/p>\n<p>&nbsp;<\/p>\n<p><em>Psychoanalytische Ausbildung<\/em><\/p>\n<p>Meine Ausbildung zur Psychoanalytikerin absolvierte ich 2019 im Rahmen der <em>Association Lacanienne Internationale (A.L.I.)<\/em> mit Sitz in Paris, deren korrespondierendes Mitglied ich bin; weiters bin ich Mitglied einer regionalen Gruppe der <em>A.L.I. <\/em>in Nizza \/ C\u00f4te d\u2018Azur bzw. Frankreich, wo ich seit vielen Jahren lebe.<\/p>\n<p>Die <em>Association Lacanienne<\/em><em> Internationale<\/em> ist eine staatlich anerkannte psychoanalytische Vereinigung, die 1982 von Dr. Charles Mellman u. a. gegr\u00fcndet wurde und derzeit Schulen in achtzehn L\u00e4ndern umfasst. Ihr Ziel ist die Weitergabe der Psychoanalyse in der Gegenwart in praktischer und theoretischer Hinsicht, wobei sie den Werken Sigmund Freuds und Jacques Lacans verpflichtet ist. Sie erm\u00f6glicht die Ausbildung und Weiterentwicklung von Psychoanalytikerinnen und Psychoanalytikern sowie die Herausgabe entsprechender Schriften. Dabei ber\u00fccksichtigt sie besonders den sozialen Wandel in unserer Gesellschaft und tritt in Dialog mit Kunst, Kultur und Wissenschaften.<\/p>\n<p>Als geborene \u00d6sterreicherin reichen die Anf\u00e4nge meiner Ausbildung allerdings weit zur\u00fcck bis in die Jahre meiner wissenschaftlichen T\u00e4tigkeit in Wien, wo ich mit der <em>psychoanalytischen Praxis Sigmund Freuds<\/em> und <em>Jacques Lacans<\/em> erstmals vertraut wurde. 2001 wurde ich in Wien Mitglied der \u201eForschungsgruppe Psychoanalyse<em> Stuzzicadenti\u201c<\/em> und besuchte von 2002-2004 den dortigen Universit\u00e4tslehrgang Psychotherapeutisches Prop\u00e4deutikum (HOOP); von 2006-2007 nahm ich in Stra\u00dfburg an den Seminaren und den <em>Ateliers clinique<\/em> des <em>Institut du Champ Freudien <\/em>teil<em> (<\/em><em>La Section Clinique de Strasbourg sous les Auspices du Departement de Psychanalyse de l\u2019Universit\u00e9 de Paris VIII\u201c, Association UFORCA)<\/em>.<\/p>\n<div class=\"spoiler-wrap\">\n\t\t\t\t<div class=\"spoiler-head folded\">mehr lesen<\/div>\n\t\t\t\t<div class=\"spoiler-body\">\n<p><em>Akademische Ausbildung<\/em><\/p>\n<p>Auch meine <em>akademische Ausbildung<\/em> nahm in \u00d6sterreich ihren Ausgang: ich studierte <em>Philosophie, Psychologie, P\u00e4dagogik<\/em> sowie <em>deutsche Philologie<\/em> an den Universit\u00e4ten Graz und Wien; 1990 schloss ich das <em>Magisterstudium Philosophie <\/em>(Mag. phil.) in Wien ab. 1996 forschte ich im Rahmen eines <em>Dissertationsstipendiums<\/em> der Universit\u00e4t Wien am Department for Philosophy, University of California, Berkeley \/ U.S.A.; 1999 beendete ich das <em>Doktorartstudium Philosophie<\/em> (Dr. phil.) an der Universit\u00e4t Wien mit \u201eAuszeichnung\u201c.<\/p>\n<p>&nbsp;<\/p>\n<p><em>Forschung und Lehre<\/em><\/p>\n<p>Von 1991 bis 2005 arbeitete ich als wissenschaftliche Mitarbeiterin im Institut f\u00fcr Wissenschaft und Kunst (IWK); seit 2000 unterrichte ich als <em>Lehrbeauftragte <\/em>am Institut f\u00fcr Philosophie sowie am Zentrum f\u00fcr Geschlechterforschung der Universit\u00e4ten Klagenfurt, Wien und Graz, wo ich in den Lehrveranstaltungen immer wieder auch Verbindungen zwischen philosophischen und psychoanalytischen Themenstellungen beleuchte; von 2009-2011 leitete ich an der Universit\u00e4t Wien (<em>post-doc<\/em>) das Forschungsprojekt <em>\u201eTransferences: Psychoanalysis \u2013 Art \u2013 Society\u201c<\/em> gemeinsam mit der \u201eForschungsgruppe Psychoanalyse <em>Stuzzicadenti<\/em>\u201c, das vom Wiener Wissenschafts-, Forschungs- und Technologiefonds (WWTF) gef\u00f6rdert wurde (dieses Projekt wurde 2009 mit dem<em> \u201eGedankensprung\u201c, Preis f\u00fcr Geistes-, Sozial- und Kulturwissenschaften, <\/em>vergeben durch die Stadt Wien, ausgezeichnet).<\/p>\n<p>2021 schloss ich das <em>Habilitationsverfahren<\/em> am Institut f\u00fcr Philosophie der Universit\u00e4t Klagenfurt erfolgreich mit der Habilitationsschrift ab: <em>Das resthafte Subjekt. Eine philosophisch-psychoanalytische Untersuchung \u00fcber die Ursache des Begehrens<\/em>.<\/p>\n<p>&nbsp;<\/p>\n<p><em>Weiterbildung<\/em><\/p>\n<p>Mein Zugang zur Psychoanalyse als <em>therapeutischer Praxis<\/em> ist eng mit meiner wissenschaftlichen Auseinandersetzung mit der Psychoanalyse als Subjekt- und Kulturtheorie verkn\u00fcpft; zudem publiziere ich zu psychoanalytischen Fragestellungen und nehme regelm\u00e4\u00dfig an internationalen Kongressen, Tagungen, Seminaren oder Arbeitsgruppen teil.<\/p>\n<p><\/div>\n\t\t\t<\/div>[\/vc_column_text][\/vc_column][vc_column width=&#8220;1\/3&#8243;][\/vc_column][\/vc_row]<\/p>\n<\/div>","protected":false},"excerpt":{"rendered":"<p>[vc_row][vc_column][vc_single_image image=&#8220;80&#8243; img_size=&#8220;full&#8220;][\/vc_column][\/vc_row][vc_row][vc_column width=&#8220;2\/3&#8243;][vc_column_text]Mein therapeutischer Zugang richtet sich an alle, die psychisch leiden und die ihren Kummer oder ihre Schwierigkeiten in Bezug auf sich selbst, andere oder bestimmte Lebenssituationen besprechen wollen, um dar\u00fcber einen Ausweg zu finden. Erfahrungsgem\u00e4\u00df spielt hierf\u00fcr der Prozess der Sprachfindung f\u00fcr die eigene Situation und Geschichte sowie die Bewusstwerdung des eigenen [&hellip;]<\/p>\n","protected":false},"author":1,"featured_media":0,"parent":0,"menu_order":0,"comment_status":"closed","ping_status":"closed","template":"","meta":{"ocean_post_layout":"","ocean_both_sidebars_style":"","ocean_both_sidebars_content_width":0,"ocean_both_sidebars_sidebars_width":0,"ocean_sidebar":"0","ocean_second_sidebar":"0","ocean_disable_margins":"enable","ocean_add_body_class":"","ocean_shortcode_before_top_bar":"","ocean_shortcode_after_top_bar":"","ocean_shortcode_before_header":"","ocean_shortcode_after_header":"","ocean_has_shortcode":"","ocean_shortcode_after_title":"","ocean_shortcode_before_footer_widgets":"","ocean_shortcode_after_footer_widgets":"","ocean_shortcode_before_footer_bottom":"","ocean_shortcode_after_footer_bottom":"","ocean_display_top_bar":"default","ocean_display_header":"default","ocean_header_style":"","ocean_center_header_left_menu":"0","ocean_custom_header_template":"0","ocean_custom_logo":0,"ocean_custom_retina_logo":0,"ocean_custom_logo_max_width":0,"ocean_custom_logo_tablet_max_width":0,"ocean_custom_logo_mobile_max_width":0,"ocean_custom_logo_max_height":0,"ocean_custom_logo_tablet_max_height":0,"ocean_custom_logo_mobile_max_height":0,"ocean_header_custom_menu":"0","ocean_menu_typo_font_family":"0","ocean_menu_typo_font_subset":"","ocean_menu_typo_font_size":0,"ocean_menu_typo_font_size_tablet":0,"ocean_menu_typo_font_size_mobile":0,"ocean_menu_typo_font_size_unit":"px","ocean_menu_typo_font_weight":"","ocean_menu_typo_font_weight_tablet":"","ocean_menu_typo_font_weight_mobile":"","ocean_menu_typo_transform":"","ocean_menu_typo_transform_tablet":"","ocean_menu_typo_transform_mobile":"","ocean_menu_typo_line_height":0,"ocean_menu_typo_line_height_tablet":0,"ocean_menu_typo_line_height_mobile":0,"ocean_menu_typo_line_height_unit":"","ocean_menu_typo_spacing":0,"ocean_menu_typo_spacing_tablet":0,"ocean_menu_typo_spacing_mobile":0,"ocean_menu_typo_spacing_unit":"","ocean_menu_link_color":"","ocean_menu_link_color_hover":"","ocean_menu_link_color_active":"","ocean_menu_link_background":"","ocean_menu_link_hover_background":"","ocean_menu_link_active_background":"","ocean_menu_social_links_bg":"","ocean_menu_social_hover_links_bg":"","ocean_menu_social_links_color":"","ocean_menu_social_hover_links_color":"","ocean_disable_title":"default","ocean_disable_heading":"default","ocean_post_title":"","ocean_post_subheading":"","ocean_post_title_style":"","ocean_post_title_background_color":"","ocean_post_title_background":0,"ocean_post_title_bg_image_position":"","ocean_post_title_bg_image_attachment":"","ocean_post_title_bg_image_repeat":"","ocean_post_title_bg_image_size":"","ocean_post_title_height":0,"ocean_post_title_bg_overlay":0.5,"ocean_post_title_bg_overlay_color":"","ocean_disable_breadcrumbs":"default","ocean_breadcrumbs_color":"","ocean_breadcrumbs_separator_color":"","ocean_breadcrumbs_links_color":"","ocean_breadcrumbs_links_hover_color":"","ocean_display_footer_widgets":"default","ocean_display_footer_bottom":"default","ocean_custom_footer_template":"0","footnotes":""},"class_list":["post-18","page","type-page","status-publish","hentry","entry"],"yoast_head":"<!-- This site is optimized with the Yoast SEO plugin v25.3 - https:\/\/yoast.com\/wordpress\/plugins\/seo\/ -->\n<title>Pr\u00e4sentation - Dr. Eva Laqui\u00e8ze-Waniek<\/title>\n<meta name=\"description\" content=\"Psychoanalytikerin deutsch Nizza \/ Cote d&#039;Azur\" \/>\n<meta name=\"robots\" content=\"index, follow, max-snippet:-1, max-image-preview:large, max-video-preview:-1\" \/>\n<link rel=\"canonical\" href=\"https:\/\/www.eva-laquieze.fr\/de\/\" \/>\n<meta property=\"og:locale\" content=\"de_DE\" \/>\n<meta property=\"og:type\" content=\"article\" \/>\n<meta property=\"og:title\" content=\"Pr\u00e4sentation - Dr. Eva Laqui\u00e8ze-Waniek\" \/>\n<meta property=\"og:description\" content=\"Psychoanalytikerin deutsch Nizza \/ Cote d&#039;Azur\" \/>\n<meta property=\"og:url\" content=\"https:\/\/www.eva-laquieze.fr\/de\/\" \/>\n<meta property=\"og:site_name\" content=\"Dr. Eva Laqui\u00e8ze-Waniek\" \/>\n<meta property=\"article:modified_time\" content=\"2022-03-23T16:27:13+00:00\" \/>\n<meta name=\"twitter:card\" content=\"summary_large_image\" \/>\n<meta name=\"twitter:label1\" content=\"Gesch\u00e4tzte Lesezeit\" \/>\n\t<meta name=\"twitter:data1\" content=\"4\u00a0Minuten\" \/>\n<script type=\"application\/ld+json\" class=\"yoast-schema-graph\">{\"@context\":\"https:\/\/schema.org\",\"@graph\":[{\"@type\":\"WebPage\",\"@id\":\"https:\/\/www.eva-laquieze.fr\/de\/\",\"url\":\"https:\/\/www.eva-laquieze.fr\/de\/\",\"name\":\"Pr\u00e4sentation - Dr. Eva Laqui\u00e8ze-Waniek\",\"isPartOf\":{\"@id\":\"https:\/\/www.eva-laquieze.fr\/de\/#website\"},\"datePublished\":\"2022-02-24T19:03:04+00:00\",\"dateModified\":\"2022-03-23T16:27:13+00:00\",\"description\":\"Psychoanalytikerin deutsch Nizza \/ Cote d'Azur\",\"breadcrumb\":{\"@id\":\"https:\/\/www.eva-laquieze.fr\/de\/#breadcrumb\"},\"inLanguage\":\"de\",\"potentialAction\":[{\"@type\":\"ReadAction\",\"target\":[\"https:\/\/www.eva-laquieze.fr\/de\/\"]}]},{\"@type\":\"BreadcrumbList\",\"@id\":\"https:\/\/www.eva-laquieze.fr\/de\/#breadcrumb\",\"itemListElement\":[{\"@type\":\"ListItem\",\"position\":1,\"name\":\"Startseite\",\"item\":\"https:\/\/www.eva-laquieze.fr\/de\/\"},{\"@type\":\"ListItem\",\"position\":2,\"name\":\"Pr\u00e4sentation\"}]},{\"@type\":\"WebSite\",\"@id\":\"https:\/\/www.eva-laquieze.fr\/de\/#website\",\"url\":\"https:\/\/www.eva-laquieze.fr\/de\/\",\"name\":\"Dr. Eva Laqui\u00e8ze-Waniek\",\"description\":\"Psychanalyste \/ Psychoanalytikerin in Nizza \/ Psychoanalyst \/ \u00e0 Nice\",\"potentialAction\":[{\"@type\":\"SearchAction\",\"target\":{\"@type\":\"EntryPoint\",\"urlTemplate\":\"https:\/\/www.eva-laquieze.fr\/de\/?s={search_term_string}\"},\"query-input\":{\"@type\":\"PropertyValueSpecification\",\"valueRequired\":true,\"valueName\":\"search_term_string\"}}],\"inLanguage\":\"de\"}]}<\/script>\n<!-- \/ Yoast SEO plugin. -->","yoast_head_json":{"title":"Pr\u00e4sentation - Dr. Eva Laqui\u00e8ze-Waniek","description":"Psychoanalytikerin deutsch Nizza \/ Cote d'Azur","robots":{"index":"index","follow":"follow","max-snippet":"max-snippet:-1","max-image-preview":"max-image-preview:large","max-video-preview":"max-video-preview:-1"},"canonical":"https:\/\/www.eva-laquieze.fr\/de\/","og_locale":"de_DE","og_type":"article","og_title":"Pr\u00e4sentation - Dr. Eva Laqui\u00e8ze-Waniek","og_description":"Psychoanalytikerin deutsch Nizza \/ Cote d'Azur","og_url":"https:\/\/www.eva-laquieze.fr\/de\/","og_site_name":"Dr. Eva Laqui\u00e8ze-Waniek","article_modified_time":"2022-03-23T16:27:13+00:00","twitter_card":"summary_large_image","twitter_misc":{"Gesch\u00e4tzte Lesezeit":"4\u00a0Minuten"},"schema":{"@context":"https:\/\/schema.org","@graph":[{"@type":"WebPage","@id":"https:\/\/www.eva-laquieze.fr\/de\/","url":"https:\/\/www.eva-laquieze.fr\/de\/","name":"Pr\u00e4sentation - Dr. Eva Laqui\u00e8ze-Waniek","isPartOf":{"@id":"https:\/\/www.eva-laquieze.fr\/de\/#website"},"datePublished":"2022-02-24T19:03:04+00:00","dateModified":"2022-03-23T16:27:13+00:00","description":"Psychoanalytikerin deutsch Nizza \/ Cote d'Azur","breadcrumb":{"@id":"https:\/\/www.eva-laquieze.fr\/de\/#breadcrumb"},"inLanguage":"de","potentialAction":[{"@type":"ReadAction","target":["https:\/\/www.eva-laquieze.fr\/de\/"]}]},{"@type":"BreadcrumbList","@id":"https:\/\/www.eva-laquieze.fr\/de\/#breadcrumb","itemListElement":[{"@type":"ListItem","position":1,"name":"Startseite","item":"https:\/\/www.eva-laquieze.fr\/de\/"},{"@type":"ListItem","position":2,"name":"Pr\u00e4sentation"}]},{"@type":"WebSite","@id":"https:\/\/www.eva-laquieze.fr\/de\/#website","url":"https:\/\/www.eva-laquieze.fr\/de\/","name":"Dr. Eva Laqui\u00e8ze-Waniek","description":"Psychanalyste \/ Psychoanalytikerin in Nizza \/ Psychoanalyst \/ \u00e0 Nice","potentialAction":[{"@type":"SearchAction","target":{"@type":"EntryPoint","urlTemplate":"https:\/\/www.eva-laquieze.fr\/de\/?s={search_term_string}"},"query-input":{"@type":"PropertyValueSpecification","valueRequired":true,"valueName":"search_term_string"}}],"inLanguage":"de"}]}},"_links":{"self":[{"href":"https:\/\/www.eva-laquieze.fr\/de\/wp-json\/wp\/v2\/pages\/18","targetHints":{"allow":["GET"]}}],"collection":[{"href":"https:\/\/www.eva-laquieze.fr\/de\/wp-json\/wp\/v2\/pages"}],"about":[{"href":"https:\/\/www.eva-laquieze.fr\/de\/wp-json\/wp\/v2\/types\/page"}],"author":[{"embeddable":true,"href":"https:\/\/www.eva-laquieze.fr\/de\/wp-json\/wp\/v2\/users\/1"}],"replies":[{"embeddable":true,"href":"https:\/\/www.eva-laquieze.fr\/de\/wp-json\/wp\/v2\/comments?post=18"}],"version-history":[{"count":8,"href":"https:\/\/www.eva-laquieze.fr\/de\/wp-json\/wp\/v2\/pages\/18\/revisions"}],"predecessor-version":[{"id":230,"href":"https:\/\/www.eva-laquieze.fr\/de\/wp-json\/wp\/v2\/pages\/18\/revisions\/230"}],"wp:attachment":[{"href":"https:\/\/www.eva-laquieze.fr\/de\/wp-json\/wp\/v2\/media?parent=18"}],"curies":[{"name":"wp","href":"https:\/\/api.w.org\/{rel}","templated":true}]}}